{"id":260,"date":"2018-05-30T17:48:30","date_gmt":"2018-05-30T17:48:30","guid":{"rendered":"http:\/\/rfv-koenen.de\/?page_id=260"},"modified":"2023-01-31T13:48:21","modified_gmt":"2023-01-31T13:48:21","slug":"2018-2","status":"publish","type":"page","link":"https:\/\/rfv-koenen.de\/?page_id=260","title":{"rendered":"2018"},"content":{"rendered":"<h2 lang=\"zxx\">Archiv 2018<\/h2>\n<p lang=\"zxx\" align=\"center\"><b>Tag der offenen T\u00fcr und Reiterflohmarkt des Reitverein St. Georg K\u00f6nen e.V.<\/b><\/p>\n<p lang=\"zxx\" align=\"left\">Am Sonntag, den 23.September hat der Reit- und Fahrverein St. Georg K\u00f6nen e.V. zum ersten Mal einen Tag der offenen T\u00fcr veranstaltet.<\/p>\n<p lang=\"zxx\" align=\"left\">Reitsportinteressenten und Pferdenarren konnten hier Informationen \u00fcber den Verein erhalten und sich die Vereinsanlage in K\u00f6nen ansehen. Die Kinder haben sich u.a. \u00fcber Ponyreiten, Bastelarbeiten und eine Volti-Spielgruppe gefreut. Der Verein hat bei der Veranstaltung Spenden f\u00fcr einen neuen Kollegen der Schulpferde und Ponys gesammelt. In den Pferdeboxen waren dabei ausnahmsweise keine Pferde zu sehen &#8211; die haben ihre Freizeit auf der Weide genossen \u2013 sondern verschiedene Verkaufsst\u00e4nde des Reiterflohmarktes. Es gab dort u.a. S\u00e4tteln, Reithosen und sogar einen Einsp\u00e4nner. Die G\u00e4ste konnten aus einem breiten Angebot \u00fcber alle Sparten des Pferdesports Flohmarktartikel kaufen. Einige gl\u00fcckliche Gewinner haben sich zudem \u00fcber Gewinne aus der Tombola gefreut.<\/p>\n<p lang=\"zxx\" align=\"left\">Wir hoffen bald den neuen Kollegen der Schulpferde vorstellen zu k\u00f6nnen.<\/p>\n<p lang=\"zxx\" align=\"center\"><b>Anspruchsvolle Dressur, Springpr\u00fcfungen und unterhaltsame Wettbewerbe \u2013 der Reitverein St. Georg K\u00f6nen e.V. vereint Sport und Freizeitreiterei <\/b><\/p>\n<p lang=\"zxx\" align=\"left\">Am Wochenende des 01. und 02. September hat das 49. Turnier des Reit- und Fahrvereins St. Georg K\u00f6nen e.V. stattgefunden. Dort konnten etwa 200 Reiter aus der Region \u2013 von Geroldstein \u00fcber Wittlich bis Saarburg &#8211; ihr K\u00f6nnen unter Beweis stellen und meldeten \u00fcber 300 Starts. Befreundete Vereine, wie z.B. der RSG Saarburg, haben tatkr\u00e4ftig mit vielen helfenden H\u00e4nden die Veranstaltung unterst\u00fctzt. Bei dem Turnier hat der Reitverein K\u00f6nen sowohl anspruchsvollen und leistungsorientierten Dressur- und Springsport, als auch abwechslungsreiche und unterhaltsame Reiterwettbewerbe durchgef\u00fchrt. Bei letzterem sind beispielsweise in einem &#8222;Jump and Run&#8220; Reiter und L\u00e4ufer paarweise als Team gegeneinander angetreten. Hierbei mussten sie, \u00e4hnlich wie bei einem Staffellauf, nacheinander einen Parcours auf Zeit absolvieren. Erst war der Reiter mit seinem Pferd dran und danach st\u00fcrmte der L\u00e4ufer so schnell er konnte \u00fcber den Springplatz. Wir danken allen Teilnehmern f\u00fcr ihren Einsatz und gratulieren den diesj\u00e4hrigen Siegern sehr herzlich:<\/p>\n<p lang=\"zxx\" align=\"left\">Lea Holzh\u00e4user gewann auf Excalibur einen Dressur Wettbewerb, ebenso wie Marleen Knopp auf Calino, Fee Heuner auf Casimir und Zoe Steinmetz auf Rising Sun. Die ersten Pl\u00e4tze der Reiter Wettbewerbe belegten Chiara Knoop auf Flika, Charlotte K\u00f6hler auf Ben Junior, Lara Schwarz auf Sjannie, Sarah Fuchs auf Lacalero, Lily Haas auf Wohld Teify und Janina Montanaro auf Jump for Trump. Siegerin der Dressurpr\u00fcfung A* wurde Petra Schankweiler auf ihrer Habanera und Emma Brixius mit Elegant siegte in der Dressurpr\u00fcfung A**. Emilia Steffes auf Roi du Fief gewann den Pr\u00e4zisionsparcours und Viviane Loedts auf ihren Kalagan gewann den Aktionsparcours. \u00dcber den ersten Platz im Springreiter Wettbewerb freute sich Jasmin Fricke mit Azzaro und ihre Vereinskollegin Anne Follmann auf Landolf sicherte sich den Sieg im Stilspring Wettbewerb. Die anspruchsvolle Stilspringpr\u00fcfung A* gewann Giana Ackerman auf Abanos und wir gratulieren Mariella Koster mit ihrer Amoucheur zum Sieg im Stilspringen A*, das sie nach einem spannenden Stechen f\u00fcr sich entscheiden konnte. Das beliebte &#8222;Jump and Run&#8220; gewann das Team &#8222;Trimmelter Zwergenpower&#8220; alias Marleen Knopp auf Calino und Lucia Schmidt als L\u00e4uferin.<\/p>\n<p lang=\"zxx\" align=\"left\">Beim n\u00e4chsten Mal wird der Verein sein 50stes Jubil\u00e4um als Turnierveranstalter feiern. Es soll f\u00fcr Teilnehmer und Zuschauer als ganz besonderes Event in Erinnerung bleiben!<\/p>\n<p lang=\"zxx\" align=\"left\"><img loading=\"lazy\" decoding=\"async\" class=\"alignnone size-medium wp-image-363\" src=\"https:\/\/rfv-koenen.de\/wp-content\/uploads\/2018\/09\/Turnier2RFv-2018-1-300x200.jpg\" alt=\"\" width=\"300\" height=\"200\" srcset=\"https:\/\/rfv-koenen.de\/wp-content\/uploads\/2018\/09\/Turnier2RFv-2018-1-300x200.jpg 300w, https:\/\/rfv-koenen.de\/wp-content\/uploads\/2018\/09\/Turnier2RFv-2018-1-768x512.jpg 768w, https:\/\/rfv-koenen.de\/wp-content\/uploads\/2018\/09\/Turnier2RFv-2018-1-1024x682.jpg 1024w, https:\/\/rfv-koenen.de\/wp-content\/uploads\/2018\/09\/Turnier2RFv-2018-1.jpg 1600w\" sizes=\"auto, (max-width: 300px) 100vw, 300px\" \/><img loading=\"lazy\" decoding=\"async\" class=\"alignnone size-medium wp-image-364\" src=\"https:\/\/rfv-koenen.de\/wp-content\/uploads\/2018\/09\/Turnier20182-169x300.jpg\" alt=\"\" width=\"169\" height=\"300\" srcset=\"https:\/\/rfv-koenen.de\/wp-content\/uploads\/2018\/09\/Turnier20182-169x300.jpg 169w, https:\/\/rfv-koenen.de\/wp-content\/uploads\/2018\/09\/Turnier20182-577x1024.jpg 577w, https:\/\/rfv-koenen.de\/wp-content\/uploads\/2018\/09\/Turnier20182.jpg 601w\" sizes=\"auto, (max-width: 169px) 100vw, 169px\" \/><\/p>\n<h1 style=\"text-align: center;\"><strong>Unser 2. Fr\u00fchlingsfest<\/strong><\/h1>\n<h2 lang=\"zxx\" align=\"center\"><strong><span style=\"font-size: large;\">Fr\u00fchling wird es weit und breit und die Pferde stehn bereit&#8230;<\/span><\/strong><\/h2>\n<p lang=\"zxx\" align=\"left\"><span style=\"font-size: medium;\">Am Sonntag, den 27. Mai fand das 2. Fr\u00fchlingsfest des Reit- und Fahrvereins &#8222;St. Georg&#8220; in K\u00f6nen statt. Das Fest, zu dem alle Vereinsmitglieder eingeladen wurden, fand bei sch\u00f6nem Fr\u00fchlingswetter auf der Vereinsanlage in K\u00f6nen statt.<\/span><\/p>\n<p lang=\"zxx\" align=\"left\"><span style=\"font-size: medium;\">Zun\u00e4chst durften Kinder und Jugendliche auf Voltigierpferd &#8222;Ronja&#8220; reiten. Hierbei durften die kleinsten Reiterinnen und Reiter ihre ersten Erfahrungen mit dem Reiten machen und die Erfahreneren konnten teilweise sogar zu zweit echte Kunstst\u00fcckchen auf Ronjas R\u00fccken vollbringen. <\/span><\/p>\n<p lang=\"zxx\" align=\"left\"><span style=\"font-size: medium;\">Danach ging es auf den gro\u00dfen Springplatz, auf dem die Trainerin Katrin Kellendonk einen spannenden Parcours aufgebaut hatte. Hierbei durften Kinder und Jugendliche auf den Vereinspferden Herausforderungen meistern, wie z.B. Ringe mit einer Gerte aufspie\u00dfen und das Pferd einen riesigen Pferdefu\u00dfball &#8222;schie\u00dfen&#8220; lassen!<\/span><\/p>\n<p lang=\"zxx\" align=\"left\"><span style=\"font-size: medium;\">Nach einer Schnitzeljagd und einem gef\u00fchrten Ponyritt rund um den Hof traf man sich zum gemeinsamen Essen auf dem Grillplatz wieder.<\/span><\/p>\n<p lang=\"zxx\" align=\"left\"><span style=\"font-size: medium;\">Nach diesem gelungenen Vereinsevent, freuen wir uns darauf, das 49. Dressur- und Springturnier in K\u00f6nen vorbereiten zu k\u00f6nnen, das am Wochenende des 1. und 2. September stattfinden wird.<\/span><\/p>\n<p><img loading=\"lazy\" decoding=\"async\" class=\"alignnone size-medium wp-image-262\" src=\"https:\/\/rfv-koenen.de\/wp-content\/uploads\/2018\/05\/IMG-20180527-WA0002-300x200.jpg\" alt=\"\" width=\"300\" height=\"200\" srcset=\"https:\/\/rfv-koenen.de\/wp-content\/uploads\/2018\/05\/IMG-20180527-WA0002-300x200.jpg 300w, https:\/\/rfv-koenen.de\/wp-content\/uploads\/2018\/05\/IMG-20180527-WA0002-768x512.jpg 768w, https:\/\/rfv-koenen.de\/wp-content\/uploads\/2018\/05\/IMG-20180527-WA0002-1024x682.jpg 1024w, https:\/\/rfv-koenen.de\/wp-content\/uploads\/2018\/05\/IMG-20180527-WA0002.jpg 1280w\" sizes=\"auto, (max-width: 300px) 100vw, 300px\" \/><img loading=\"lazy\" decoding=\"async\" class=\"alignnone size-medium wp-image-264\" src=\"https:\/\/rfv-koenen.de\/wp-content\/uploads\/2018\/05\/IMG-20180527-WA0007-200x300.jpg\" alt=\"\" width=\"200\" height=\"300\" srcset=\"https:\/\/rfv-koenen.de\/wp-content\/uploads\/2018\/05\/IMG-20180527-WA0007-200x300.jpg 200w, https:\/\/rfv-koenen.de\/wp-content\/uploads\/2018\/05\/IMG-20180527-WA0007-768x1152.jpg 768w, https:\/\/rfv-koenen.de\/wp-content\/uploads\/2018\/05\/IMG-20180527-WA0007-682x1024.jpg 682w, https:\/\/rfv-koenen.de\/wp-content\/uploads\/2018\/05\/IMG-20180527-WA0007.jpg 853w\" sizes=\"auto, (max-width: 200px) 100vw, 200px\" \/> <img loading=\"lazy\" decoding=\"async\" class=\"alignnone size-medium wp-image-263\" src=\"https:\/\/rfv-koenen.de\/wp-content\/uploads\/2018\/05\/IMG-20180527-WA0005-300x200.jpg\" alt=\"\" width=\"300\" height=\"200\" srcset=\"https:\/\/rfv-koenen.de\/wp-content\/uploads\/2018\/05\/IMG-20180527-WA0005-300x200.jpg 300w, https:\/\/rfv-koenen.de\/wp-content\/uploads\/2018\/05\/IMG-20180527-WA0005-768x512.jpg 768w, https:\/\/rfv-koenen.de\/wp-content\/uploads\/2018\/05\/IMG-20180527-WA0005-1024x682.jpg 1024w, https:\/\/rfv-koenen.de\/wp-content\/uploads\/2018\/05\/IMG-20180527-WA0005.jpg 1280w\" sizes=\"auto, (max-width: 300px) 100vw, 300px\" \/> <img loading=\"lazy\" decoding=\"async\" class=\"alignnone size-medium wp-image-265\" src=\"https:\/\/rfv-koenen.de\/wp-content\/uploads\/2018\/05\/IMG-20180527-WA0010-300x200.jpg\" alt=\"\" width=\"300\" height=\"200\" srcset=\"https:\/\/rfv-koenen.de\/wp-content\/uploads\/2018\/05\/IMG-20180527-WA0010-300x200.jpg 300w, https:\/\/rfv-koenen.de\/wp-content\/uploads\/2018\/05\/IMG-20180527-WA0010-768x512.jpg 768w, https:\/\/rfv-koenen.de\/wp-content\/uploads\/2018\/05\/IMG-20180527-WA0010-1024x682.jpg 1024w, https:\/\/rfv-koenen.de\/wp-content\/uploads\/2018\/05\/IMG-20180527-WA0010.jpg 1280w\" sizes=\"auto, (max-width: 300px) 100vw, 300px\" \/>\u00a0 <img loading=\"lazy\" decoding=\"async\" class=\"alignnone size-medium wp-image-266\" src=\"https:\/\/rfv-koenen.de\/wp-content\/uploads\/2018\/05\/IMG-20180527-WA0012-300x200.jpg\" alt=\"\" width=\"300\" height=\"200\" srcset=\"https:\/\/rfv-koenen.de\/wp-content\/uploads\/2018\/05\/IMG-20180527-WA0012-300x200.jpg 300w, https:\/\/rfv-koenen.de\/wp-content\/uploads\/2018\/05\/IMG-20180527-WA0012-768x512.jpg 768w, https:\/\/rfv-koenen.de\/wp-content\/uploads\/2018\/05\/IMG-20180527-WA0012-1024x682.jpg 1024w, https:\/\/rfv-koenen.de\/wp-content\/uploads\/2018\/05\/IMG-20180527-WA0012.jpg 1280w\" sizes=\"auto, (max-width: 300px) 100vw, 300px\" \/> <img loading=\"lazy\" decoding=\"async\" class=\"alignnone size-medium wp-image-267\" src=\"https:\/\/rfv-koenen.de\/wp-content\/uploads\/2018\/05\/IMG-20180527-WA0014-300x200.jpg\" alt=\"\" width=\"300\" height=\"200\" srcset=\"https:\/\/rfv-koenen.de\/wp-content\/uploads\/2018\/05\/IMG-20180527-WA0014-300x200.jpg 300w, https:\/\/rfv-koenen.de\/wp-content\/uploads\/2018\/05\/IMG-20180527-WA0014-768x512.jpg 768w, https:\/\/rfv-koenen.de\/wp-content\/uploads\/2018\/05\/IMG-20180527-WA0014-1024x682.jpg 1024w, https:\/\/rfv-koenen.de\/wp-content\/uploads\/2018\/05\/IMG-20180527-WA0014.jpg 1280w\" sizes=\"auto, (max-width: 300px) 100vw, 300px\" \/> <img loading=\"lazy\" decoding=\"async\" class=\"alignnone size-medium wp-image-268\" src=\"https:\/\/rfv-koenen.de\/wp-content\/uploads\/2018\/05\/IMG-20180527-WA0016-300x200.jpg\" alt=\"\" width=\"300\" height=\"200\" srcset=\"https:\/\/rfv-koenen.de\/wp-content\/uploads\/2018\/05\/IMG-20180527-WA0016-300x200.jpg 300w, https:\/\/rfv-koenen.de\/wp-content\/uploads\/2018\/05\/IMG-20180527-WA0016-768x512.jpg 768w, https:\/\/rfv-koenen.de\/wp-content\/uploads\/2018\/05\/IMG-20180527-WA0016-1024x682.jpg 1024w, https:\/\/rfv-koenen.de\/wp-content\/uploads\/2018\/05\/IMG-20180527-WA0016.jpg 1280w\" sizes=\"auto, (max-width: 300px) 100vw, 300px\" \/> <img loading=\"lazy\" decoding=\"async\" class=\"alignnone size-medium wp-image-269\" src=\"https:\/\/rfv-koenen.de\/wp-content\/uploads\/2018\/05\/IMG-20180527-WA0017-300x200.jpg\" alt=\"\" width=\"300\" height=\"200\" srcset=\"https:\/\/rfv-koenen.de\/wp-content\/uploads\/2018\/05\/IMG-20180527-WA0017-300x200.jpg 300w, https:\/\/rfv-koenen.de\/wp-content\/uploads\/2018\/05\/IMG-20180527-WA0017-768x512.jpg 768w, https:\/\/rfv-koenen.de\/wp-content\/uploads\/2018\/05\/IMG-20180527-WA0017-1024x682.jpg 1024w, https:\/\/rfv-koenen.de\/wp-content\/uploads\/2018\/05\/IMG-20180527-WA0017.jpg 1280w\" sizes=\"auto, (max-width: 300px) 100vw, 300px\" \/> <img loading=\"lazy\" decoding=\"async\" class=\"alignnone size-medium wp-image-270\" src=\"https:\/\/rfv-koenen.de\/wp-content\/uploads\/2018\/05\/IMG-20180527-WA0022-300x200.jpg\" alt=\"\" width=\"300\" height=\"200\" srcset=\"https:\/\/rfv-koenen.de\/wp-content\/uploads\/2018\/05\/IMG-20180527-WA0022-300x200.jpg 300w, https:\/\/rfv-koenen.de\/wp-content\/uploads\/2018\/05\/IMG-20180527-WA0022-768x512.jpg 768w, https:\/\/rfv-koenen.de\/wp-content\/uploads\/2018\/05\/IMG-20180527-WA0022-1024x682.jpg 1024w, https:\/\/rfv-koenen.de\/wp-content\/uploads\/2018\/05\/IMG-20180527-WA0022.jpg 1280w\" sizes=\"auto, (max-width: 300px) 100vw, 300px\" \/><\/p>\n","protected":false},"excerpt":{"rendered":"<p>Archiv 2018 Tag der offenen T\u00fcr und Reiterflohmarkt des Reitverein St. Georg K\u00f6nen e.V. Am Sonntag, den 23.September hat der Reit- und Fahrverein St. Georg K\u00f6nen e.V. zum ersten Mal einen Tag der offenen T\u00fcr veranstaltet. Reitsportinteressenten und Pferdenarren konnten hier Informationen \u00fcber den Verein erhalten und sich die Vereinsanlage in K\u00f6nen ansehen. Die Kinder &hellip; <\/p>\n<p class=\"link-more\"><a href=\"https:\/\/rfv-koenen.de\/?page_id=260\" class=\"more-link\"><span class=\"screen-reader-text\">\u201e2018\u201c <\/span>weiterlesen<\/a><\/p>\n","protected":false},"author":1,"featured_media":0,"parent":0,"menu_order":0,"comment_status":"closed","ping_status":"closed","template":"","meta":{"footnotes":""},"class_list":["post-260","page","type-page","status-publish","hentry"],"_links":{"self":[{"href":"https:\/\/rfv-koenen.de\/index.php?rest_route=\/wp\/v2\/pages\/260","targetHints":{"allow":["GET"]}}],"collection":[{"href":"https:\/\/rfv-koenen.de\/index.php?rest_route=\/wp\/v2\/pages"}],"about":[{"href":"https:\/\/rfv-koenen.de\/index.php?rest_route=\/wp\/v2\/types\/page"}],"author":[{"embeddable":true,"href":"https:\/\/rfv-koenen.de\/index.php?rest_route=\/wp\/v2\/users\/1"}],"replies":[{"embeddable":true,"href":"https:\/\/rfv-koenen.de\/index.php?rest_route=%2Fwp%2Fv2%2Fcomments&post=260"}],"version-history":[{"count":7,"href":"https:\/\/rfv-koenen.de\/index.php?rest_route=\/wp\/v2\/pages\/260\/revisions"}],"predecessor-version":[{"id":473,"href":"https:\/\/rfv-koenen.de\/index.php?rest_route=\/wp\/v2\/pages\/260\/revisions\/473"}],"wp:attachment":[{"href":"https:\/\/rfv-koenen.de\/index.php?rest_route=%2Fwp%2Fv2%2Fmedia&parent=260"}],"curies":[{"name":"wp","href":"https:\/\/api.w.org\/{rel}","templated":true}]}}